{"id":2192,"date":"2026-02-11T17:24:13","date_gmt":"2026-02-11T17:24:13","guid":{"rendered":"https:\/\/karmel.ca\/?page_id=2192"},"modified":"2026-04-17T20:07:42","modified_gmt":"2026-04-17T20:07:42","slug":"a-propos","status":"publish","type":"page","link":"https:\/\/karmel.ca\/fr\/a-propos\/","title":{"rendered":"\u00c0 propos"},"content":{"rendered":"","protected":false},"excerpt":{"rendered":"","protected":false},"author":3,"featured_media":0,"parent":0,"menu_order":0,"comment_status":"closed","ping_status":"closed","template":"page-templates\/builder.php","meta":{"_acf_changed":false,"footnotes":""},"class_list":["post-2192","page","type-page","status-publish","hentry"],"acf":{"cube_page_builder":[{"acf_fc_layout":"cube_1","slides":[{"content":{"has_caption":false,"caption":"","has_title":true,"title":"\u00c0 propos","has_body":false,"body":"","has_footer":false,"button_group":null},"figure":{"provider":"local-image","source_vimeo":"","source_youtube":"","source_local_video":null,"source_local_image":566,"source_lottie":""}}],"hero":{"content":{"blox_image":null,"has_caption":false,"caption":"","has_title":false,"title":"","has_body":false,"body":"","has_footer":false,"button_group":null},"figure":null,"gallery":null,"call_to_action":{"primary":{"link":null,"variant":0},"secondary":{"link":null,"variant":1}}},"var_type":"0","opt_anchor":"","opt_caption_tag":"","opt_title_tag":"","opt_theme":"0","opt_text_color":"#262020","opt_background_color":"#fafafa","opt_border":false,"opt_figure_overlay":false,"opt_block_height":"0.2","aspect_ratio":"16\/9","opt_space_top":"","opt_space_bottom":"","opt_background_image":"","opt_background_overlay":false},{"acf_fc_layout":"cube_0","has_caption":false,"caption":"","has_title":true,"title":"Notre histoire","has_body":false,"body":"","has_footer":false,"button_group":null,"content":"Ancr\u00e9e dans les quartiers diversifi\u00e9s et dynamiques de Montr\u00e9al, Immeubles Karmel est une entreprise familiale fi\u00e8re, b\u00e2tie sur le travail acharn\u00e9, l\u2019int\u00e9grit\u00e9 et de solides valeurs familiales. Notre parcours a d\u00e9but\u00e9 en 1992 avec l\u2019achat de notre premier immeuble \u00e0 Rosemont, marquant le d\u00e9but d\u2019un engagement \u00e0 long terme visant \u00e0 cr\u00e9er des espaces de vie confortables et accueillants pour les r\u00e9sidents \u00e0 travers la ville.\r\n\r\nD\u00e8s le d\u00e9part, notre vision a \u00e9t\u00e9 simple : prioriser le confort, la s\u00e9curit\u00e9 et le bonheur des r\u00e9sidents en offrant des logements paisibles au c\u0153ur des communaut\u00e9s dynamiques de Montr\u00e9al. En tant qu\u2019entreprise familiale, nous comprenons l\u2019importance d\u2019avoir un endroit s\u00fbr et fiable o\u00f9 rentrer \u00e0 la fin de la journ\u00e9e, un lieu o\u00f9 l\u2019on peut se sentir \u00e0 l\u2019aise et r\u00e9ellement chez soi.\r\n\r\nAu fil des ann\u00e9es, cette m\u00eame vision a guid\u00e9 la croissance d\u2019Immeubles Karmel au-del\u00e0 de l\u2019\u00eele de Montr\u00e9al vers plusieurs secteurs de Laval et de la Rive-Nord. Bien que notre portefeuille se soit \u00e9largi, nos valeurs demeurent les m\u00eames : rester \u00e9troitement li\u00e9s aux communaut\u00e9s que nous desservons et continuer \u00e0 offrir des logements soigneusement g\u00e9r\u00e9s o\u00f9 les r\u00e9sidents peuvent se sentir soutenus et chez eux.","var_type":"0","var_align":"0","opt_anchor":"","opt_caption_tag":"","opt_title_tag":"","opt_theme":"0","opt_text_color":"","opt_background_color":"","opt_border":false,"opt_space_top":"","opt_space_bottom":"2","opt_background_image":"","opt_background_overlay":false},{"acf_fc_layout":"cube_9","has_caption":false,"caption":"","has_title":false,"title":"","has_body":false,"body":"","has_footer":false,"button_group":null,"item":[{"has_title":true,"title":"\u00c0 propos de nous","has_body":true,"body":"Immeubles Karmel est une entreprise de gestion immobili\u00e8re ax\u00e9e sur la communaut\u00e9, sp\u00e9cialis\u00e9e dans l\u2019investissement, la gestion, le d\u00e9veloppement et la requalification de complexes r\u00e9sidentiels multifamiliaux et d\u2019espaces commerciaux \u00e0 travers la grande r\u00e9gion de Montr\u00e9al. De Montr\u00e9al \u00e0 Laval et la Rive-Nord, nous offrons des appartements locatifs et des espaces commerciaux confortables, s\u00e9curitaires et g\u00e9r\u00e9s de fa\u00e7on professionnelle, con\u00e7us pour r\u00e9pondre aux besoins \u00e9volutifs de nos r\u00e9sidents et partenaires d\u2019affaires.\r\n\r\nAvec des valeurs familiales au c\u0153ur de tout ce que nous faisons, nous croyons qu\u2019une gestion immobili\u00e8re exceptionnelle va au-del\u00e0 de l\u2019entretien des immeubles. Il s\u2019agit de b\u00e2tir des relations durables. Nos r\u00e9sidents, employ\u00e9s et partenaires sont au centre de notre r\u00e9ussite, et nous sommes fiers de compter sur une \u00e9quipe d\u00e9vou\u00e9e qui refl\u00e8te le souci, l\u2019int\u00e9grit\u00e9 et l\u2019engagement \u00e0 long terme qui d\u00e9finissent notre fondation.","has_footer":false,"button_group":null}],"figure":{"provider":"local-image","src_local_image":747,"src_local_video":null,"src_vimeo":"","src_youtube":"","src_google_drive":"","src_lottie":""},"var_type":"0","var_align":"0","var_item_align":"1","var_item_reverse":true,"opt_anchor":"","opt_caption_tag":"","opt_title_tag":"","opt_theme":"0","opt_text_color":"","opt_background_color":"","opt_border":false,"opt_space_top":"2","opt_space_bottom":"2","opt_background_image":"","opt_background_overlay":false},{"acf_fc_layout":"cube_9","has_caption":false,"caption":"","has_title":false,"title":"","has_body":false,"body":"","has_footer":false,"button_group":null,"item":[{"has_title":true,"title":"Notre mission","has_body":true,"body":"Notre mission est d\u2019offrir une exp\u00e9rience locative fiable en cr\u00e9ant des espaces r\u00e9sidentiels et commerciaux s\u00e9curitaires, accueillants et bien entretenus dans toute la grande r\u00e9gion de Montr\u00e9al. Nous comprenons que se sentir chez soi va au-del\u00e0 des quatre murs d\u2019un appartement. Cela est fa\u00e7onn\u00e9 par le quartier, les commerces locaux, les espaces verts et les personnes qui donnent vie \u00e0 une communaut\u00e9.\r\n\r\nC\u2019est pourquoi nous promouvons activement et c\u00e9l\u00e9brons les secteurs dans lesquels nous op\u00e9rons, en valorisant la diversit\u00e9, la culture et le caract\u00e8re qui rendent Montr\u00e9al et ses environs uniques. \u00c0 mesure que nous poursuivons notre croissance, notre objectif est de b\u00e2tir des communaut\u00e9s fortes gr\u00e2ce \u00e0 des espaces qui am\u00e9liorent r\u00e9ellement la qualit\u00e9 de vie, parce que chacun m\u00e9rite un bel endroit o\u00f9 vivre, travailler et se divertir.","has_footer":false,"button_group":null}],"figure":{"provider":"local-image","src_local_image":694,"src_local_video":null,"src_vimeo":"","src_youtube":"","src_google_drive":"","src_lottie":""},"var_type":"0","var_align":"0","var_item_align":"1","var_item_reverse":false,"opt_anchor":"","opt_caption_tag":"","opt_title_tag":"","opt_theme":"0","opt_text_color":"","opt_background_color":"","opt_border":false,"opt_space_top":"2","opt_space_bottom":"","opt_background_image":"","opt_background_overlay":false},{"acf_fc_layout":"cube_2","has_caption":false,"caption":"","has_title":true,"title":"Valeurs fondamentales","has_body":false,"body":"","has_footer":false,"button_group":null,"posts":null,"var_type":"3","var_align":"0","var_card_text_color":"#ffffff","var_card_background_color":"","var_card_border_color":"#ffffff","opt_anchor":"","opt_caption_tag":"","opt_title_tag":"","opt_theme":"0","opt_text_color":"#ffffff","opt_background_color":"","opt_border":false,"opt_space_top":"","opt_space_bottom":"","opt_background_image":759,"opt_background_overlay":true},{"acf_fc_layout":"cube_20","has_caption":true,"caption":"FAQ","has_title":true,"title":"Foire aux questions","has_body":false,"body":"","has_footer":false,"button_group":null,"accordion_mode":"single","posts":[2222,2237,2256],"var_type":"1","opt_anchor":"","opt_caption_tag":"","opt_title_tag":"","opt_theme":"0","opt_text_color":"","opt_background_color":"#fafafa","opt_border":false,"opt_space_top":"","opt_space_bottom":"","opt_background_image":null,"opt_background_overlay":false,"aside_image":397}]},"yoast_head":"<!-- This site is optimized with the Yoast SEO plugin v26.2 - https:\/\/yoast.com\/wordpress\/plugins\/seo\/ -->\n<title>\u00c0 propos &#8212; Immeubles Karmel<\/title>\n<meta name=\"robots\" content=\"index, follow, max-snippet:-1, max-image-preview:large, max-video-preview:-1\" \/>\n<link rel=\"canonical\" href=\"https:\/\/karmel.ca\/fr\/a-propos\/\" \/>\n<meta property=\"og:locale\" content=\"fr_FR\" \/>\n<meta property=\"og:type\" content=\"article\" \/>\n<meta property=\"og:title\" content=\"\u00c0 propos &#8212; Immeubles Karmel\" \/>\n<meta property=\"og:url\" content=\"https:\/\/karmel.ca\/fr\/a-propos\/\" \/>\n<meta property=\"og:site_name\" content=\"Immeubles Karmel\" \/>\n<meta property=\"article:modified_time\" content=\"2026-04-17T20:07:42+00:00\" \/>\n<meta name=\"twitter:card\" content=\"summary_large_image\" \/>\n<script type=\"application\/ld+json\" class=\"yoast-schema-graph\">{\"@context\":\"https:\/\/schema.org\",\"@graph\":[{\"@type\":\"WebPage\",\"@id\":\"https:\/\/karmel.ca\/fr\/a-propos\/\",\"url\":\"https:\/\/karmel.ca\/fr\/a-propos\/\",\"name\":\"\u00c0 propos &#8212; Immeubles Karmel\",\"isPartOf\":{\"@id\":\"https:\/\/karmel.ca\/fr\/#website\"},\"datePublished\":\"2026-02-11T17:24:13+00:00\",\"dateModified\":\"2026-04-17T20:07:42+00:00\",\"breadcrumb\":{\"@id\":\"https:\/\/karmel.ca\/fr\/a-propos\/#breadcrumb\"},\"inLanguage\":\"fr-FR\",\"potentialAction\":[{\"@type\":\"ReadAction\",\"target\":[\"https:\/\/karmel.ca\/fr\/a-propos\/\"]}]},{\"@type\":\"BreadcrumbList\",\"@id\":\"https:\/\/karmel.ca\/fr\/a-propos\/#breadcrumb\",\"itemListElement\":[{\"@type\":\"ListItem\",\"position\":1,\"name\":\"Home\",\"item\":\"https:\/\/karmel.ca\/fr\/\"},{\"@type\":\"ListItem\",\"position\":2,\"name\":\"\u00c0 propos\"}]},{\"@type\":\"WebSite\",\"@id\":\"https:\/\/karmel.ca\/fr\/#website\",\"url\":\"https:\/\/karmel.ca\/fr\/\",\"name\":\"Immeubles Karmel\",\"description\":\"A Smarter Way to Build Websites\",\"potentialAction\":[{\"@type\":\"SearchAction\",\"target\":{\"@type\":\"EntryPoint\",\"urlTemplate\":\"https:\/\/karmel.ca\/fr\/?s={search_term_string}\"},\"query-input\":{\"@type\":\"PropertyValueSpecification\",\"valueRequired\":true,\"valueName\":\"search_term_string\"}}],\"inLanguage\":\"fr-FR\"}]}<\/script>\n<!-- \/ Yoast SEO plugin. -->","yoast_head_json":{"title":"\u00c0 propos &#8212; Immeubles Karmel","robots":{"index":"index","follow":"follow","max-snippet":"max-snippet:-1","max-image-preview":"max-image-preview:large","max-video-preview":"max-video-preview:-1"},"canonical":"https:\/\/karmel.ca\/fr\/a-propos\/","og_locale":"fr_FR","og_type":"article","og_title":"\u00c0 propos &#8212; Immeubles Karmel","og_url":"https:\/\/karmel.ca\/fr\/a-propos\/","og_site_name":"Immeubles Karmel","article_modified_time":"2026-04-17T20:07:42+00:00","twitter_card":"summary_large_image","schema":{"@context":"https:\/\/schema.org","@graph":[{"@type":"WebPage","@id":"https:\/\/karmel.ca\/fr\/a-propos\/","url":"https:\/\/karmel.ca\/fr\/a-propos\/","name":"\u00c0 propos &#8212; Immeubles Karmel","isPartOf":{"@id":"https:\/\/karmel.ca\/fr\/#website"},"datePublished":"2026-02-11T17:24:13+00:00","dateModified":"2026-04-17T20:07:42+00:00","breadcrumb":{"@id":"https:\/\/karmel.ca\/fr\/a-propos\/#breadcrumb"},"inLanguage":"fr-FR","potentialAction":[{"@type":"ReadAction","target":["https:\/\/karmel.ca\/fr\/a-propos\/"]}]},{"@type":"BreadcrumbList","@id":"https:\/\/karmel.ca\/fr\/a-propos\/#breadcrumb","itemListElement":[{"@type":"ListItem","position":1,"name":"Home","item":"https:\/\/karmel.ca\/fr\/"},{"@type":"ListItem","position":2,"name":"\u00c0 propos"}]},{"@type":"WebSite","@id":"https:\/\/karmel.ca\/fr\/#website","url":"https:\/\/karmel.ca\/fr\/","name":"Immeubles Karmel","description":"A Smarter Way to Build Websites","potentialAction":[{"@type":"SearchAction","target":{"@type":"EntryPoint","urlTemplate":"https:\/\/karmel.ca\/fr\/?s={search_term_string}"},"query-input":{"@type":"PropertyValueSpecification","valueRequired":true,"valueName":"search_term_string"}}],"inLanguage":"fr-FR"}]}},"_links":{"self":[{"href":"https:\/\/karmel.ca\/fr\/wp-json\/wp\/v2\/pages\/2192","targetHints":{"allow":["GET"]}}],"collection":[{"href":"https:\/\/karmel.ca\/fr\/wp-json\/wp\/v2\/pages"}],"about":[{"href":"https:\/\/karmel.ca\/fr\/wp-json\/wp\/v2\/types\/page"}],"author":[{"embeddable":true,"href":"https:\/\/karmel.ca\/fr\/wp-json\/wp\/v2\/users\/3"}],"replies":[{"embeddable":true,"href":"https:\/\/karmel.ca\/fr\/wp-json\/wp\/v2\/comments?post=2192"}],"version-history":[{"count":9,"href":"https:\/\/karmel.ca\/fr\/wp-json\/wp\/v2\/pages\/2192\/revisions"}],"predecessor-version":[{"id":2313,"href":"https:\/\/karmel.ca\/fr\/wp-json\/wp\/v2\/pages\/2192\/revisions\/2313"}],"wp:attachment":[{"href":"https:\/\/karmel.ca\/fr\/wp-json\/wp\/v2\/media?parent=2192"}],"curies":[{"name":"wp","href":"https:\/\/api.w.org\/{rel}","templated":true}]}}